{"id":2036,"date":"2025-07-23T14:38:00","date_gmt":"2025-07-23T12:38:00","guid":{"rendered":"https:\/\/institut.loumetis.fr\/delf-diplom-fuer-franzoesischstudien\/"},"modified":"2026-04-14T09:05:31","modified_gmt":"2026-04-14T07:05:31","slug":"delf-diplom-fuer-franzoesischstudien","status":"publish","type":"page","link":"https:\/\/institutdetouraine.com\/de\/delf-diplom-fuer-franzoesischstudien\/","title":{"rendered":"DELF \u2013 Diplom f\u00fcr Franz\u00f6sischstudien"},"content":{"rendered":"\t\t<div data-elementor-type=\"wp-page\" data-elementor-id=\"2036\" class=\"elementor elementor-2036 elementor-631\" data-elementor-post-type=\"page\">\n\t\t\t\t<div class=\"elementor-element elementor-element-8d3a522 e-flex e-con-boxed e-con e-parent\" data-id=\"8d3a522\" data-element_type=\"container\" data-settings=\"{&quot;background_background&quot;:&quot;classic&quot;}\">\n\t\t\t\t\t<div class=\"e-con-inner\">\n\t\t\t\t<div class=\"elementor-element elementor-element-2841a09 elementor-widget elementor-widget-text-editor\" data-id=\"2841a09\" data-element_type=\"widget\" data-widget_type=\"text-editor.default\">\n\t\t\t\t<div class=\"elementor-widget-container\">\n\t\t\t\t\t\t\t\t\t<h1>DELF \u2013 Diplom f\u00fcr Franz\u00f6sischstudien<\/h1><h4>Das DELF A1, A2, B1 und B2 vorbereiten und ablegen<\/h4>\t\t\t\t\t\t\t\t<\/div>\n\t\t\t\t<\/div>\n\t\t\t\t\t<\/div>\n\t\t\t\t<\/div>\n\t\t<div class=\"elementor-element elementor-element-4e9e5a9 e-flex e-con-boxed e-con e-parent\" data-id=\"4e9e5a9\" data-element_type=\"container\">\n\t\t\t\t\t<div class=\"e-con-inner\">\n\t\t\t\t<div class=\"elementor-element elementor-element-751cd38 elementor-widget elementor-widget-text-editor\" data-id=\"751cd38\" data-element_type=\"widget\" data-widget_type=\"text-editor.default\">\n\t\t\t\t<div class=\"elementor-widget-container\">\n\t\t\t\t\t\t\t\t\t<p>Das <strong>DELF \u2013 Diplom f\u00fcr Franz\u00f6sischstudien<\/strong> ist ein offizielles Diplom, das vom franz\u00f6sischen Bildungsministerium ausgestellt wird. Es bescheinigt die Franz\u00f6sischkenntnisse der Kandidaten. Es erm\u00f6glicht, die eigenen Franz\u00f6sischkenntnisse und -f\u00e4higkeiten f\u00fcr pers\u00f6nliche, schulische, universit\u00e4re oder berufliche Zwecke aufzuwerten. Dieses Diplom ist weltweit anerkannt und lebenslang g\u00fcltig.   <\/p>\t\t\t\t\t\t\t\t<\/div>\n\t\t\t\t<\/div>\n\t\t\t\t\t<\/div>\n\t\t\t\t<\/div>\n\t\t<div class=\"elementor-element elementor-element-74ec5a0 e-con-full e-flex e-con e-parent\" data-id=\"74ec5a0\" data-element_type=\"container\">\n\t\t<div class=\"elementor-element elementor-element-15fd747 e-con-full e-flex e-con e-child\" data-id=\"15fd747\" data-element_type=\"container\" data-settings=\"{&quot;background_background&quot;:&quot;classic&quot;}\">\n\t\t\t\t<div class=\"elementor-element elementor-element-16fa9d1 elementor-widget elementor-widget-spacer\" data-id=\"16fa9d1\" data-element_type=\"widget\" data-widget_type=\"spacer.default\">\n\t\t\t\t<div class=\"elementor-widget-container\">\n\t\t\t\t\t\t\t<div class=\"elementor-spacer\">\n\t\t\t<div class=\"elementor-spacer-inner\"><\/div>\n\t\t<\/div>\n\t\t\t\t\t\t<\/div>\n\t\t\t\t<\/div>\n\t\t\t\t<\/div>\n\t\t<div class=\"elementor-element elementor-element-010d099 e-con-full e-flex e-con e-child\" data-id=\"010d099\" data-element_type=\"container\">\n\t\t\t\t<div class=\"elementor-element elementor-element-f49c484 elementor-widget elementor-widget-text-editor\" data-id=\"f49c484\" data-element_type=\"widget\" data-widget_type=\"text-editor.default\">\n\t\t\t\t<div class=\"elementor-widget-container\">\n\t\t\t\t\t\t\t\t\t<h2>Die vier Varianten des DELF: A1, A2, B1 und B2<\/h2><p>Das DELF ist ein Diplom, das an die Niveaustufen des Gemeinsamen Europ\u00e4ischen Referenzrahmens f\u00fcr Sprachen angepasst ist. Es ist weltweit anerkannt und erm\u00f6glicht es, die eigenen Franz\u00f6sischkenntnisse aufzuwerten. Es umfasst 4 Niveaustufen:  <\/p>\t\t\t\t\t\t\t\t<\/div>\n\t\t\t\t<\/div>\n\t\t\t\t<div class=\"elementor-element elementor-element-17593e8 elementor-icon-list--layout-traditional elementor-list-item-link-full_width elementor-widget elementor-widget-icon-list\" data-id=\"17593e8\" data-element_type=\"widget\" data-widget_type=\"icon-list.default\">\n\t\t\t\t<div class=\"elementor-widget-container\">\n\t\t\t\t\t\t\t<ul class=\"elementor-icon-list-items\">\n\t\t\t\t\t\t\t<li class=\"elementor-icon-list-item\">\n\t\t\t\t\t\t\t\t\t\t\t<span class=\"elementor-icon-list-icon\">\n\t\t\t\t\t\t\t<svg aria-hidden=\"true\" class=\"e-font-icon-svg e-fas-check\" viewBox=\"0 0 512 512\" xmlns=\"http:\/\/www.w3.org\/2000\/svg\"><path d=\"M173.898 439.404l-166.4-166.4c-9.997-9.997-9.997-26.206 0-36.204l36.203-36.204c9.997-9.998 26.207-9.998 36.204 0L192 312.69 432.095 72.596c9.997-9.997 26.207-9.997 36.204 0l36.203 36.204c9.997 9.997 9.997 26.206 0 36.204l-294.4 294.401c-9.998 9.997-26.207 9.997-36.204-.001z\"><\/path><\/svg>\t\t\t\t\t\t<\/span>\n\t\t\t\t\t\t\t\t\t\t<span class=\"elementor-icon-list-text\">DELF A1 und DELF A2 (elementarer Nutzer)<\/span>\n\t\t\t\t\t\t\t\t\t<\/li>\n\t\t\t\t\t\t\t\t<li class=\"elementor-icon-list-item\">\n\t\t\t\t\t\t\t\t\t\t\t<span class=\"elementor-icon-list-icon\">\n\t\t\t\t\t\t\t<svg aria-hidden=\"true\" class=\"e-font-icon-svg e-fas-check\" viewBox=\"0 0 512 512\" xmlns=\"http:\/\/www.w3.org\/2000\/svg\"><path d=\"M173.898 439.404l-166.4-166.4c-9.997-9.997-9.997-26.206 0-36.204l36.203-36.204c9.997-9.998 26.207-9.998 36.204 0L192 312.69 432.095 72.596c9.997-9.997 26.207-9.997 36.204 0l36.203 36.204c9.997 9.997 9.997 26.206 0 36.204l-294.4 294.401c-9.998 9.997-26.207 9.997-36.204-.001z\"><\/path><\/svg>\t\t\t\t\t\t<\/span>\n\t\t\t\t\t\t\t\t\t\t<span class=\"elementor-icon-list-text\">DELF B1 und DELF B2 (selbstst\u00e4ndiger Nutzer)<\/span>\n\t\t\t\t\t\t\t\t\t<\/li>\n\t\t\t\t\t\t<\/ul>\n\t\t\t\t\t\t<\/div>\n\t\t\t\t<\/div>\n\t\t\t\t<div class=\"elementor-element elementor-element-60fcb20 elementor-widget elementor-widget-text-editor\" data-id=\"60fcb20\" data-element_type=\"widget\" data-widget_type=\"text-editor.default\">\n\t\t\t\t<div class=\"elementor-widget-container\">\n\t\t\t\t\t\t\t\t\t<p>Auf jeder Niveaustufe werden 4 Kompetenzen bewertet: H\u00f6rverstehen und m\u00fcndlicher Ausdruck, Leseverstehen und schriftlicher Ausdruck.<\/p><p>Das DELF B1 erm\u00f6glicht den Erwerb der franz\u00f6sischen Staatsangeh\u00f6rigkeit. Das DELF B2 und zunehmend auch das DALF C1 erm\u00f6glichen den Zugang zu franz\u00f6sischen, europ\u00e4ischen oder frankophonen Universit\u00e4ten und zu bestimmten Elitehochschulen. <\/p>\t\t\t\t\t\t\t\t<\/div>\n\t\t\t\t<\/div>\n\t\t<div class=\"elementor-element elementor-element-f46bda1 e-grid e-con-full e-con e-child\" data-id=\"f46bda1\" data-element_type=\"container\">\n\t\t\t\t<div class=\"elementor-element elementor-element-1f57ac3 elementor-align-justify elementor-widget elementor-widget-button\" data-id=\"1f57ac3\" data-element_type=\"widget\" data-widget_type=\"button.default\">\n\t\t\t\t<div class=\"elementor-widget-container\">\n\t\t\t\t\t\t\t\t\t<div class=\"elementor-button-wrapper\">\n\t\t\t\t\t<a class=\"elementor-button elementor-button-link elementor-size-sm\" href=\"https:\/\/institutdetouraine.com\/wp-content\/uploads\/2026\/01\/CALENDRIER-DELF-DALF-2026.pdf\" target=\"_blank\">\n\t\t\t\t\t\t<span class=\"elementor-button-content-wrapper\">\n\t\t\t\t\t\t\t\t\t<span class=\"elementor-button-text\">Kalender und Preise<\/span>\n\t\t\t\t\t<\/span>\n\t\t\t\t\t<\/a>\n\t\t\t\t<\/div>\n\t\t\t\t\t\t\t\t<\/div>\n\t\t\t\t<\/div>\n\t\t\t\t<div class=\"elementor-element elementor-element-993666e elementor-align-justify elementor-widget elementor-widget-button\" data-id=\"993666e\" data-element_type=\"widget\" data-widget_type=\"button.default\">\n\t\t\t\t<div class=\"elementor-widget-container\">\n\t\t\t\t\t\t\t\t\t<div class=\"elementor-button-wrapper\">\n\t\t\t\t\t<a class=\"elementor-button elementor-button-link elementor-size-sm\" href=\"https:\/\/institutdetouraine.com\/wp-content\/uploads\/2025\/11\/Bulletin-inscription-DELF-DALF-2026-ordi.docx\" target=\"_blank\">\n\t\t\t\t\t\t<span class=\"elementor-button-content-wrapper\">\n\t\t\t\t\t\t\t\t\t<span class=\"elementor-button-text\">ANMELDEFORMULAR<\/span>\n\t\t\t\t\t<\/span>\n\t\t\t\t\t<\/a>\n\t\t\t\t<\/div>\n\t\t\t\t\t\t\t\t<\/div>\n\t\t\t\t<\/div>\n\t\t\t\t<div class=\"elementor-element elementor-element-bf4d836 elementor-align-justify elementor-widget elementor-widget-button\" data-id=\"bf4d836\" data-element_type=\"widget\" data-widget_type=\"button.default\">\n\t\t\t\t<div class=\"elementor-widget-container\">\n\t\t\t\t\t\t\t\t\t<div class=\"elementor-button-wrapper\">\n\t\t\t\t\t<a class=\"elementor-button elementor-button-link elementor-size-sm\" href=\"https:\/\/institutdetouraine.com\/wp-content\/uploads\/2025\/11\/brochure-DELF-DALF-2026.pdf\" target=\"_blank\">\n\t\t\t\t\t\t<span class=\"elementor-button-content-wrapper\">\n\t\t\t\t\t\t\t\t\t<span class=\"elementor-button-text\">BROSCH\u00dcRE DELF-DALF<\/span>\n\t\t\t\t\t<\/span>\n\t\t\t\t\t<\/a>\n\t\t\t\t<\/div>\n\t\t\t\t\t\t\t\t<\/div>\n\t\t\t\t<\/div>\n\t\t\t\t<\/div>\n\t\t\t\t<\/div>\n\t\t\t\t<\/div>\n\t\t<div class=\"elementor-element elementor-element-4189405 e-flex e-con-boxed e-con e-parent\" data-id=\"4189405\" data-element_type=\"container\">\n\t\t\t\t\t<div class=\"e-con-inner\">\n\t\t\t\t<div class=\"elementor-element elementor-element-5357fba elementor-widget elementor-widget-n-accordion\" data-id=\"5357fba\" data-element_type=\"widget\" data-settings=\"{&quot;default_state&quot;:&quot;all_collapsed&quot;,&quot;max_items_expended&quot;:&quot;one&quot;,&quot;n_accordion_animation_duration&quot;:{&quot;unit&quot;:&quot;ms&quot;,&quot;size&quot;:400,&quot;sizes&quot;:[]}}\" data-widget_type=\"nested-accordion.default\">\n\t\t\t\t<div class=\"elementor-widget-container\">\n\t\t\t\t\t\t\t<div class=\"e-n-accordion\" aria-label=\"Accordion. Open links with Enter or Space, close with Escape, and navigate with Arrow Keys\">\n\t\t\t\t\t\t<details id=\"e-n-accordion-item-8730\" class=\"e-n-accordion-item\" >\n\t\t\t\t<summary class=\"e-n-accordion-item-title\" data-accordion-index=\"1\" tabindex=\"0\" aria-expanded=\"false\" aria-controls=\"e-n-accordion-item-8730\" >\n\t\t\t\t\t<span class='e-n-accordion-item-title-header'><div class=\"e-n-accordion-item-title-text\"> Welches Publikum kann das DELF-Diplom erwerben? <\/div><\/span>\n\t\t\t\t\t\t\t<span class='e-n-accordion-item-title-icon'>\n\t\t\t<span class='e-opened' ><svg aria-hidden=\"true\" class=\"e-font-icon-svg e-fas-minus\" viewBox=\"0 0 448 512\" xmlns=\"http:\/\/www.w3.org\/2000\/svg\"><path d=\"M416 208H32c-17.67 0-32 14.33-32 32v32c0 17.67 14.33 32 32 32h384c17.67 0 32-14.33 32-32v-32c0-17.67-14.33-32-32-32z\"><\/path><\/svg><\/span>\n\t\t\t<span class='e-closed'><svg aria-hidden=\"true\" class=\"e-font-icon-svg e-fas-plus\" viewBox=\"0 0 448 512\" xmlns=\"http:\/\/www.w3.org\/2000\/svg\"><path d=\"M416 208H272V64c0-17.67-14.33-32-32-32h-32c-17.67 0-32 14.33-32 32v144H32c-17.67 0-32 14.33-32 32v32c0 17.67 14.33 32 32 32h144v144c0 17.67 14.33 32 32 32h32c17.67 0 32-14.33 32-32V304h144c17.67 0 32-14.33 32-32v-32c0-17.67-14.33-32-32-32z\"><\/path><\/svg><\/span>\n\t\t<\/span>\n\n\t\t\t\t\t\t<\/summary>\n\t\t\t\t<div role=\"region\" aria-labelledby=\"e-n-accordion-item-8730\" class=\"elementor-element elementor-element-a1540aa e-con-full e-flex e-con e-child\" data-id=\"a1540aa\" data-element_type=\"container\">\n\t\t\t\t<div class=\"elementor-element elementor-element-8c708cc elementor-widget elementor-widget-text-editor\" data-id=\"8c708cc\" data-element_type=\"widget\" data-widget_type=\"text-editor.default\">\n\t\t\t\t<div class=\"elementor-widget-container\">\n\t\t\t\t\t\t\t\t\t<p>Personen mit ausl\u00e4ndischer Staatsangeh\u00f6rigkeit und Franzosen aus einem nicht-franz\u00f6sischsprachigen Land, die nicht \u00fcber ein Diplom der \u00f6ffentlichen franz\u00f6sischen Sekundar- oder Hochschulbildung verf\u00fcgen, k\u00f6nnen ein DELF-Diplom erhalten f\u00fcr :<\/p><ul><li style=\"list-style-type: none;\"><ul><li>Ihre Franz\u00f6sischkenntnisse aufwerten<\/li><li>eine berufliche Laufbahn einschlagen<\/li><li>die franz\u00f6sische Staatsb\u00fcrgerschaft beantragen<\/li><li>einen Aufenthaltstitel in Quebec zu erhalten<\/li><\/ul><\/li><\/ul>\t\t\t\t\t\t\t\t<\/div>\n\t\t\t\t<\/div>\n\t\t\t\t<\/div>\n\t\t\t\t\t<\/details>\n\t\t\t\t\t\t<details id=\"e-n-accordion-item-8731\" class=\"e-n-accordion-item\" >\n\t\t\t\t<summary class=\"e-n-accordion-item-title\" data-accordion-index=\"2\" tabindex=\"-1\" aria-expanded=\"false\" aria-controls=\"e-n-accordion-item-8731\" >\n\t\t\t\t\t<span class='e-n-accordion-item-title-header'><div class=\"e-n-accordion-item-title-text\"> Was ist das Besondere am DELF Junior? <\/div><\/span>\n\t\t\t\t\t\t\t<span class='e-n-accordion-item-title-icon'>\n\t\t\t<span class='e-opened' ><svg aria-hidden=\"true\" class=\"e-font-icon-svg e-fas-minus\" viewBox=\"0 0 448 512\" xmlns=\"http:\/\/www.w3.org\/2000\/svg\"><path d=\"M416 208H32c-17.67 0-32 14.33-32 32v32c0 17.67 14.33 32 32 32h384c17.67 0 32-14.33 32-32v-32c0-17.67-14.33-32-32-32z\"><\/path><\/svg><\/span>\n\t\t\t<span class='e-closed'><svg aria-hidden=\"true\" class=\"e-font-icon-svg e-fas-plus\" viewBox=\"0 0 448 512\" xmlns=\"http:\/\/www.w3.org\/2000\/svg\"><path d=\"M416 208H272V64c0-17.67-14.33-32-32-32h-32c-17.67 0-32 14.33-32 32v144H32c-17.67 0-32 14.33-32 32v32c0 17.67 14.33 32 32 32h144v144c0 17.67 14.33 32 32 32h32c17.67 0 32-14.33 32-32V304h144c17.67 0 32-14.33 32-32v-32c0-17.67-14.33-32-32-32z\"><\/path><\/svg><\/span>\n\t\t<\/span>\n\n\t\t\t\t\t\t<\/summary>\n\t\t\t\t<div role=\"region\" aria-labelledby=\"e-n-accordion-item-8731\" class=\"elementor-element elementor-element-400716d e-con-full e-flex e-con e-child\" data-id=\"400716d\" data-element_type=\"container\">\n\t\t\t\t<div class=\"elementor-element elementor-element-62fc6f1 elementor-widget elementor-widget-text-editor\" data-id=\"62fc6f1\" data-element_type=\"widget\" data-widget_type=\"text-editor.default\">\n\t\t\t\t<div class=\"elementor-widget-container\">\n\t\t\t\t\t\t\t\t\t<p>Das DELF Junior richtet sich an Sch\u00fcler der Sekundarstufe im Alter von 12 bis 17 Jahren. Es gibt ihn in den Versionen A1, A2, B1 und B2. <\/p><p>Diese Pr\u00fcfung basiert auf der gleichen Struktur wie DELF tous publics. Nur die Themen unterscheiden sich: Die Materialien ber\u00fccksichtigen die Interessen der Jugendlichen. <\/p><p>Das DELF junior ist f\u00fcr ein Publikum im Sekundarschulalter bestimmt und berechtigt zur Ausstellung eines Diploms, das mit dem der Version f\u00fcr das gesamte Publikum identisch ist. Es enth\u00e4lt nicht den Zusatz &#8222;junior&#8220;. <\/p>\t\t\t\t\t\t\t\t<\/div>\n\t\t\t\t<\/div>\n\t\t\t\t<\/div>\n\t\t\t\t\t<\/details>\n\t\t\t\t\t\t<details id=\"e-n-accordion-item-8732\" class=\"e-n-accordion-item\" >\n\t\t\t\t<summary class=\"e-n-accordion-item-title\" data-accordion-index=\"3\" tabindex=\"-1\" aria-expanded=\"false\" aria-controls=\"e-n-accordion-item-8732\" >\n\t\t\t\t\t<span class='e-n-accordion-item-title-header'><div class=\"e-n-accordion-item-title-text\"> In welchem Pr\u00fcfungszentrum k\u00f6nnen Sie DELF ablegen? <\/div><\/span>\n\t\t\t\t\t\t\t<span class='e-n-accordion-item-title-icon'>\n\t\t\t<span class='e-opened' ><svg aria-hidden=\"true\" class=\"e-font-icon-svg e-fas-minus\" viewBox=\"0 0 448 512\" xmlns=\"http:\/\/www.w3.org\/2000\/svg\"><path d=\"M416 208H32c-17.67 0-32 14.33-32 32v32c0 17.67 14.33 32 32 32h384c17.67 0 32-14.33 32-32v-32c0-17.67-14.33-32-32-32z\"><\/path><\/svg><\/span>\n\t\t\t<span class='e-closed'><svg aria-hidden=\"true\" class=\"e-font-icon-svg e-fas-plus\" viewBox=\"0 0 448 512\" xmlns=\"http:\/\/www.w3.org\/2000\/svg\"><path d=\"M416 208H272V64c0-17.67-14.33-32-32-32h-32c-17.67 0-32 14.33-32 32v144H32c-17.67 0-32 14.33-32 32v32c0 17.67 14.33 32 32 32h144v144c0 17.67 14.33 32 32 32h32c17.67 0 32-14.33 32-32V304h144c17.67 0 32-14.33 32-32v-32c0-17.67-14.33-32-32-32z\"><\/path><\/svg><\/span>\n\t\t<\/span>\n\n\t\t\t\t\t\t<\/summary>\n\t\t\t\t<div role=\"region\" aria-labelledby=\"e-n-accordion-item-8732\" class=\"elementor-element elementor-element-2704490 e-con-full e-flex e-con e-child\" data-id=\"2704490\" data-element_type=\"container\">\n\t\t\t\t<div class=\"elementor-element elementor-element-da47798 elementor-widget elementor-widget-text-editor\" data-id=\"da47798\" data-element_type=\"widget\" data-widget_type=\"text-editor.default\">\n\t\t\t\t<div class=\"elementor-widget-container\">\n\t\t\t\t\t\t\t\t\t<p>Das Institut de Touraine liegt im Zentrum von Tours, etwa 15 Minuten zu Fu\u00df vom Bahnhof entfernt. Es ist ein von France Education Internationale und dem Rectorat d&#8217;Orl\u00e9ans-Tours (Universit\u00e4t Tours) anerkanntes Pr\u00fcfungszentrum.<\/p><p>Die Beratungen finden unter der Autorit\u00e4t des Vorsitzenden der Jury und seiner Beisitzer statt, die vom Rektorat best\u00e4tigt werden.<\/p>\t\t\t\t\t\t\t\t<\/div>\n\t\t\t\t<\/div>\n\t\t\t\t<\/div>\n\t\t\t\t\t<\/details>\n\t\t\t\t\t<\/div>\n\t\t\t\t\t<script type=\"application\/ld+json\">{\"@context\":\"https:\\\/\\\/schema.org\",\"@type\":\"FAQPage\",\"mainEntity\":[{\"@type\":\"Question\",\"name\":\"Welches Publikum kann das DELF-Diplom erwerben?\",\"acceptedAnswer\":{\"@type\":\"Answer\",\"text\":\"Personen mit ausl\\u00e4ndischer Staatsangeh\\u00f6rigkeit und Franzosen aus einem nicht-franz\\u00f6sischsprachigen Land, die nicht \\u00fcber ein Diplom der \\u00f6ffentlichen franz\\u00f6sischen Sekundar- oder Hochschulbildung verf\\u00fcgen, k\\u00f6nnen ein DELF-Diplom erhalten f\\u00fcr :Ihre Franz\\u00f6sischkenntnisse aufwerteneine berufliche Laufbahn einschlagendie franz\\u00f6sische Staatsb\\u00fcrgerschaft beantrageneinen Aufenthaltstitel in Quebec zu erhalten\"}},{\"@type\":\"Question\",\"name\":\"Was ist das Besondere am DELF Junior?\",\"acceptedAnswer\":{\"@type\":\"Answer\",\"text\":\"Das DELF Junior richtet sich an Sch\\u00fcler der Sekundarstufe im Alter von 12 bis 17 Jahren. Es gibt ihn in den Versionen A1, A2, B1 und B2. Diese Pr\\u00fcfung basiert auf der gleichen Struktur wie DELF tous publics. Nur die Themen unterscheiden sich: Die Materialien ber\\u00fccksichtigen die Interessen der Jugendlichen. Das DELF junior ist f\\u00fcr ein Publikum im Sekundarschulalter bestimmt und berechtigt zur Ausstellung eines Diploms, das mit dem der Version f\\u00fcr das gesamte Publikum identisch ist. Es enth\\u00e4lt nicht den Zusatz &#8222;junior&#8220;.\"}},{\"@type\":\"Question\",\"name\":\"In welchem Pr\\u00fcfungszentrum k\\u00f6nnen Sie DELF ablegen?\",\"acceptedAnswer\":{\"@type\":\"Answer\",\"text\":\"Das Institut de Touraine liegt im Zentrum von Tours, etwa 15 Minuten zu Fu\\u00df vom Bahnhof entfernt. Es ist ein von France Education Internationale und dem Rectorat d&#8217;Orl\\u00e9ans-Tours (Universit\\u00e4t Tours) anerkanntes Pr\\u00fcfungszentrum.Die Beratungen finden unter der Autorit\\u00e4t des Vorsitzenden der Jury und seiner Beisitzer statt, die vom Rektorat best\\u00e4tigt werden.\"}}]}<\/script>\n\t\t\t\t\t\t\t<\/div>\n\t\t\t\t<\/div>\n\t\t\t\t\t<\/div>\n\t\t\t\t<\/div>\n\t\t<div class=\"elementor-element elementor-element-ea7e6a6 e-flex e-con-boxed e-con e-parent\" data-id=\"ea7e6a6\" data-element_type=\"container\" data-settings=\"{&quot;background_background&quot;:&quot;classic&quot;}\">\n\t\t\t\t\t<div class=\"e-con-inner\">\n\t\t\t\t<div class=\"elementor-element elementor-element-c078c66 elementor-widget elementor-widget-counter\" data-id=\"c078c66\" data-element_type=\"widget\" data-widget_type=\"counter.default\">\n\t\t\t\t<div class=\"elementor-widget-container\">\n\t\t\t\t\t\t\t<div class=\"elementor-counter\">\n\t\t\t<div class=\"elementor-counter-title\">Erfolgsquote im Jahr 2024 f\u00fcr alle DELF-DALF-Diplome<\/div>\t\t\t<div class=\"elementor-counter-number-wrapper\">\n\t\t\t\t<span class=\"elementor-counter-number-prefix\"><\/span>\n\t\t\t\t<span class=\"elementor-counter-number\" data-duration=\"2000\" data-to-value=\"89\" data-from-value=\"0\">0<\/span>\n\t\t\t\t<span class=\"elementor-counter-number-suffix\">%<\/span>\n\t\t\t<\/div>\n\t\t<\/div>\n\t\t\t\t\t\t<\/div>\n\t\t\t\t<\/div>\n\t\t\t\t\t<\/div>\n\t\t\t\t<\/div>\n\t\t<div class=\"elementor-element elementor-element-a8f681a e-flex e-con-boxed e-con e-parent\" data-id=\"a8f681a\" data-element_type=\"container\">\n\t\t\t\t\t<div class=\"e-con-inner\">\n\t\t\t\t<div class=\"elementor-element elementor-element-485d7f0 elementor-widget elementor-widget-text-editor\" data-id=\"485d7f0\" data-element_type=\"widget\" data-widget_type=\"text-editor.default\">\n\t\t\t\t<div class=\"elementor-widget-container\">\n\t\t\t\t\t\t\t\t\t<h2>Beschreibung der DELF-Pr\u00fcfungen  <\/h2><p>Die <strong>DELF Pr\u00fcfungen<\/strong> k\u00f6nnen an einem oder zwei Tagen stattfinden, je nachdem, wie viele Kandidaten sich f\u00fcr die Pr\u00fcfung angemeldet haben. Die Tage und Uhrzeiten der Pr\u00fcfungen werden einige Tage vor der Pr\u00fcfung bekannt gegeben. <\/p><p>4 Kompetenzen werden bewertet: H\u00f6rverst\u00e4ndnis (CO), Leseverst\u00e4ndnis (CE) und schriftlicher Ausdruck (PE) in Gruppenpr\u00fcfungen sowie m\u00fcndlicher Ausdruck (PO) in Einzelpr\u00fcfungen.<\/p>\t\t\t\t\t\t\t\t<\/div>\n\t\t\t\t<\/div>\n\t\t\t\t<div class=\"elementor-element elementor-element-de33eb5 e-n-tabs-none elementor-widget elementor-widget-n-tabs\" data-id=\"de33eb5\" data-element_type=\"widget\" data-settings=\"{&quot;tabs_justify_horizontal&quot;:&quot;stretch&quot;,&quot;horizontal_scroll_mobile&quot;:&quot;disable&quot;,&quot;horizontal_scroll&quot;:&quot;disable&quot;}\" data-widget_type=\"nested-tabs.default\">\n\t\t\t\t<div class=\"elementor-widget-container\">\n\t\t\t\t\t\t\t<div class=\"e-n-tabs\" data-widget-number=\"232996533\" aria-label=\"Tabs. Open items with Enter or Space, close with Escape and navigate using the Arrow keys.\">\n\t\t\t<div class=\"e-n-tabs-heading\" role=\"tablist\">\n\t\t\t\t\t<button id=\"e-n-tab-title-2329965331\" class=\"e-n-tab-title\" aria-selected=\"true\" data-tab-index=\"1\" role=\"tab\" tabindex=\"0\" aria-controls=\"e-n-tab-content-2329965331\" style=\"--n-tabs-title-order: 1;\">\n\t\t\t\t\t\t<span class=\"e-n-tab-title-text\">\n\t\t\t\tDELF A1\t\t\t<\/span>\n\t\t<\/button>\n\t\t\t\t<button id=\"e-n-tab-title-2329965332\" class=\"e-n-tab-title\" aria-selected=\"false\" data-tab-index=\"2\" role=\"tab\" tabindex=\"-1\" aria-controls=\"e-n-tab-content-2329965332\" style=\"--n-tabs-title-order: 2;\">\n\t\t\t\t\t\t<span class=\"e-n-tab-title-text\">\n\t\t\t\tDELF A2\t\t\t<\/span>\n\t\t<\/button>\n\t\t\t\t<button id=\"e-n-tab-title-2329965333\" class=\"e-n-tab-title\" aria-selected=\"false\" data-tab-index=\"3\" role=\"tab\" tabindex=\"-1\" aria-controls=\"e-n-tab-content-2329965333\" style=\"--n-tabs-title-order: 3;\">\n\t\t\t\t\t\t<span class=\"e-n-tab-title-text\">\n\t\t\t\tDELF B1\t\t\t<\/span>\n\t\t<\/button>\n\t\t\t\t<button id=\"e-n-tab-title-2329965334\" class=\"e-n-tab-title\" aria-selected=\"false\" data-tab-index=\"4\" role=\"tab\" tabindex=\"-1\" aria-controls=\"e-n-tab-content-2329965334\" style=\"--n-tabs-title-order: 4;\">\n\t\t\t\t\t\t<span class=\"e-n-tab-title-text\">\n\t\t\t\tDELF B2\t\t\t<\/span>\n\t\t<\/button>\n\t\t\t\t\t<\/div>\n\t\t\t<div class=\"e-n-tabs-content\">\n\t\t\t\t<div id=\"e-n-tab-content-2329965331\" role=\"tabpanel\" aria-labelledby=\"e-n-tab-title-2329965331\" data-tab-index=\"1\" style=\"--n-tabs-title-order: 1;\" class=\"e-active elementor-element elementor-element-dd8d21c e-con-full e-flex e-con e-child\" data-id=\"dd8d21c\" data-element_type=\"container\">\n\t\t<div class=\"elementor-element elementor-element-2d1a70b e-flex e-con-boxed e-con e-child\" data-id=\"2d1a70b\" data-element_type=\"container\">\n\t\t\t\t\t<div class=\"e-con-inner\">\n\t\t\t\t<div class=\"elementor-element elementor-element-483d8f4 elementor-widget elementor-widget-text-editor\" data-id=\"483d8f4\" data-element_type=\"widget\" data-widget_type=\"text-editor.default\">\n\t\t\t\t<div class=\"elementor-widget-container\">\n\t\t\t\t\t\t\t\t\t<table><tbody><tr><td><p>Verst\u00e4ndnis<\/p><p>der m\u00fcndlichen Sprache<\/p><\/td><td><p>4 sehr kurze, aufgezeichnete Dokumente \u00fcber das t\u00e4gliche Leben,<\/p><p>2 globale Abh\u00f6rungen<\/p><p>Frageb\u00f6gen zum Verst\u00e4ndnis<\/p><p>Dauer: 20 Minuten (ca.)<\/p><\/td><\/tr><tr><td><p>Verst\u00e4ndnis<\/p><p>Schriften<\/p><\/td><td><p>4 oder 5 schriftliche Dokumente aus dem t\u00e4glichen Leben<\/p><p>Frageb\u00f6gen zum Verst\u00e4ndnis<\/p><p>Dauer: 30 Minuten<\/p><\/td><\/tr><tr><td><p>Schriftliche Produktion<\/p><\/td><td><p>Zweiteilige Pr\u00fcfung :<\/p><p>1) eine Karteikarte oder ein Formular ausf\u00fcllen<\/p><p>2) einfache S\u00e4tze (Postkarten, Nachrichten&#8230;) \u00fcber Themen des Lebens zu verfassen<\/p><p>t\u00e4glich (40\/50 W\u00f6rter)<\/p><p>Dauer: 30 Minuten<\/p><\/td><\/tr><tr><td><p>M\u00fcndliche Produktion<\/p><\/td><td><p>3-teilige Pr\u00fcfung :<\/p><p>1) Geleitetes Gespr\u00e4ch<\/p><p>2) Informationsaustausch (ein Wort einem Satz zuordnen) 3) simulierter Dialog <\/p><p>Dauer: 5 bis 7 Minuten (Vorbereitung: 10 Min.)<\/p><\/td><\/tr><\/tbody><\/table>\t\t\t\t\t\t\t\t<\/div>\n\t\t\t\t<\/div>\n\t\t\t\t\t<\/div>\n\t\t\t\t<\/div>\n\t\t\t\t<\/div>\n\t\t<div id=\"e-n-tab-content-2329965332\" role=\"tabpanel\" aria-labelledby=\"e-n-tab-title-2329965332\" data-tab-index=\"2\" style=\"--n-tabs-title-order: 2;\" class=\" elementor-element elementor-element-41a7cf7 e-con-full e-flex e-con e-child\" data-id=\"41a7cf7\" data-element_type=\"container\">\n\t\t<div class=\"elementor-element elementor-element-db0411b e-flex e-con-boxed e-con e-child\" data-id=\"db0411b\" data-element_type=\"container\">\n\t\t\t\t\t<div class=\"e-con-inner\">\n\t\t\t\t<div class=\"elementor-element elementor-element-4927e3a elementor-widget elementor-widget-text-editor\" data-id=\"4927e3a\" data-element_type=\"widget\" data-widget_type=\"text-editor.default\">\n\t\t\t\t<div class=\"elementor-widget-container\">\n\t\t\t\t\t\t\t\t\t<table><tbody><tr><td><p>Verst\u00e4ndnis<\/p><p>der m\u00fcndlichen Sprache<\/p><\/td><td><p>4 kurze, aufgezeichnete Dokumente aus dem t\u00e4glichen Leben,<\/p><p>2 globale Abh\u00f6rungen<\/p><p>Frageb\u00f6gen zum Verst\u00e4ndnis<\/p><p>Dauer: 25 Minuten (ca.)<\/p><\/td><\/tr><tr><td><p>Verst\u00e4ndnis<\/p><p>Schriften<\/p><\/td><td><p>3 oder 4 schriftliche Dokumente aus dem t\u00e4glichen Leben<\/p><p>Frageb\u00f6gen zum Verst\u00e4ndnis<\/p><p>Dauer: 30 Minuten<\/p><\/td><\/tr><tr><td><p>Schriftliche Produktion<\/p><\/td><td><p>Verfassen von 2 kurzen schriftlichen Produktionen :<\/p><p>&#8211; Beschreiben Sie ein Ereignis oder pers\u00f6nliche Erfahrungen;<\/p><p>&#8211; Schreiben Sie, um einzuladen, sich zu bedanken, sich zu entschuldigen, zu fragen, zu informieren&#8230; (60\/80 W\u00f6rter)<\/p><p>Dauer: 45 Minuten<\/p><\/td><\/tr><tr><td><p>M\u00fcndliche Produktion<\/p><\/td><td><p>3-teilige Pr\u00fcfung :<\/p><p>1) Geleitetes Gespr\u00e4ch<\/p><p>2) Monolog mit anschlie\u00dfender Diskussion<\/p><p>3) Interaktions\u00fcbung (Anfrage nach Informationen)<\/p><p>Dauer: 6 bis 8 Minuten (Vorbereitung 10 Min.)<\/p><\/td><\/tr><\/tbody><\/table>\t\t\t\t\t\t\t\t<\/div>\n\t\t\t\t<\/div>\n\t\t\t\t\t<\/div>\n\t\t\t\t<\/div>\n\t\t\t\t<\/div>\n\t\t<div id=\"e-n-tab-content-2329965333\" role=\"tabpanel\" aria-labelledby=\"e-n-tab-title-2329965333\" data-tab-index=\"3\" style=\"--n-tabs-title-order: 3;\" class=\" elementor-element elementor-element-d63c385 e-con-full e-flex e-con e-child\" data-id=\"d63c385\" data-element_type=\"container\">\n\t\t<div class=\"elementor-element elementor-element-edfe768 e-flex e-con-boxed e-con e-child\" data-id=\"edfe768\" data-element_type=\"container\">\n\t\t\t\t\t<div class=\"e-con-inner\">\n\t\t\t\t<div class=\"elementor-element elementor-element-e51e1b9 elementor-widget elementor-widget-text-editor\" data-id=\"e51e1b9\" data-element_type=\"widget\" data-widget_type=\"text-editor.default\">\n\t\t\t\t<div class=\"elementor-widget-container\">\n\t\t\t\t\t\t\t\t\t<table><tbody><tr><td><p>Verst\u00e4ndnis<\/p><p>der m\u00fcndlichen Sprache<\/p><\/td><td><p>3 aufgezeichnete Dokumente (Dialog, Ank\u00fcndigung, Information&#8230;),<\/p><p>2 globale Abh\u00f6rungen<\/p><p>Frageb\u00f6gen zum Verst\u00e4ndnis<\/p><p>Dauer: 25 Minuten (ca.)<\/p><\/td><\/tr><tr><td><p>Verst\u00e4ndnis<\/p><p>Schriften<\/p><\/td><td><p>3 schriftliche Dokumente: Frageb\u00f6gen zum Verst\u00e4ndnis<\/p><p>Ziele :<\/p><p>&#8211; Ermitteln von Informationen, die f\u00fcr eine bestimmte Aufgabe relevant sind<\/p><p>&#8211; Analyse des Inhalts eines Dokuments von allgemeinem Interesse<\/p><p>Dauer: 45 Minuten<\/p><\/td><\/tr><tr><td><p>Schriftliche Produktion<\/p><\/td><td><p>Ausdruck einer pers\u00f6nlichen Haltung zu einem allgemeinen Thema (Essay, Brief, Artikel&#8230;)<\/p><p>(160\/180 W\u00f6rter)<\/p><p>Dauer: 45 Minuten<\/p><\/td><\/tr><tr><td><p>M\u00fcndliche Produktion<\/p><\/td><td><p>3-teilige Pr\u00fcfung :<\/p><p>1) Geleitetes Gespr\u00e4ch<\/p><p>2) Interaktions\u00fcbung (Rollenspiel)<\/p><p>3) Ausdruck eines Standpunktes anhand eines ausl\u00f6senden Dokuments<\/p><p>Dauer: 15 Minuten (Vorbereitung: 10 Minuten)<\/p><\/td><\/tr><\/tbody><\/table>\t\t\t\t\t\t\t\t<\/div>\n\t\t\t\t<\/div>\n\t\t\t\t\t<\/div>\n\t\t\t\t<\/div>\n\t\t\t\t<\/div>\n\t\t<div id=\"e-n-tab-content-2329965334\" role=\"tabpanel\" aria-labelledby=\"e-n-tab-title-2329965334\" data-tab-index=\"4\" style=\"--n-tabs-title-order: 4;\" class=\" elementor-element elementor-element-6a6e5b8 e-con-full e-flex e-con e-child\" data-id=\"6a6e5b8\" data-element_type=\"container\">\n\t\t<div class=\"elementor-element elementor-element-a35aef8 e-flex e-con-boxed e-con e-child\" data-id=\"a35aef8\" data-element_type=\"container\">\n\t\t\t\t\t<div class=\"e-con-inner\">\n\t\t\t\t<div class=\"elementor-element elementor-element-b8718ef elementor-widget elementor-widget-text-editor\" data-id=\"b8718ef\" data-element_type=\"widget\" data-widget_type=\"text-editor.default\">\n\t\t\t\t<div class=\"elementor-widget-container\">\n\t\t\t\t\t\t\t\t\t<table><tbody><tr><td><p>Verst\u00e4ndnis<\/p><p>der m\u00fcndlichen Sprache<\/p><\/td><td><p>Drei gespeicherte Dokumente:<\/p><p>&#8211; Vortrag, Konferenz, Radio- oder Fernsehsendung&#8230; zwei globale H\u00f6rproben<\/p><p>&#8211; Interview, Rede, Newsletter&#8230;: ein globales Zuh\u00f6ren<\/p><p>Frageb\u00f6gen zum Verst\u00e4ndnis<\/p><p>Dauer: 30 Minuten (ca.)<\/p><\/td><\/tr><tr><td><p>Verst\u00e4ndnis<\/p><p>Schriften<\/p><\/td><td><p>Drei schriftliche Dokumente :<\/p><p>&#8211; Ein informativer Beitrag \u00fcber Frankreich oder den franz\u00f6sischsprachigen Raum<\/p><p>&#8211; Ein Argumentativ<\/p><p>Frageb\u00f6gen zum Verst\u00e4ndnis<\/p><p>Dauer: 1 Stunde<\/p><\/td><\/tr><tr><td><p>Schriftliche Produktion<\/p><\/td><td><p>Pers\u00f6nliche Stellungnahme mit Argumenten (Diskussionsbeitrag, formeller Brief),<\/p><p>kritischer Artikel&#8230;)<\/p><p>(250 W\u00f6rter)<\/p><p>Dauer: 1 Stunde<\/p><\/td><\/tr><tr><td><p>M\u00fcndliche Produktion<\/p><\/td><td><p>Darlegung und Verteidigung eines Standpunkts anhand eines kurzen ausl\u00f6senden Dokuments<\/p><p>Dauer: 20 Minuten<\/p><p>(Vorbereitung 30 Minuten)<\/p><\/td><\/tr><\/tbody><\/table>\t\t\t\t\t\t\t\t<\/div>\n\t\t\t\t<\/div>\n\t\t\t\t\t<\/div>\n\t\t\t\t<\/div>\n\t\t\t\t<\/div>\n\t\t\t\t\t<\/div>\n\t\t<\/div>\n\t\t\t\t\t\t<\/div>\n\t\t\t\t<\/div>\n\t\t\t\t\t<\/div>\n\t\t\t\t<\/div>\n\t\t<div class=\"elementor-element elementor-element-b29e646 e-con-full e-flex e-con e-parent\" data-id=\"b29e646\" data-element_type=\"container\">\n\t\t<div class=\"elementor-element elementor-element-e96f70b e-con-full e-flex e-con e-child\" data-id=\"e96f70b\" data-element_type=\"container\">\n\t\t\t\t<div class=\"elementor-element elementor-element-48bae22 elementor-widget elementor-widget-text-editor\" data-id=\"48bae22\" data-element_type=\"widget\" data-widget_type=\"text-editor.default\">\n\t\t\t\t<div class=\"elementor-widget-container\">\n\t\t\t\t\t\t\t\t\t<h2>Anmeldung f\u00fcr DELF Pr\u00fcfungen<\/h2><p>Um sich <strong>f\u00fcr die DELF-Pr\u00fcfung an<\/strong>zumelden, m\u00fcssen Sie das <a href=\"https:\/\/institutdetouraine.com\/wp-content\/uploads\/2025\/11\/Bulletin-inscription-DELF-DALF-2026-ordi.docx\">Anmeldeformular<\/a> auf der Vorder- und R\u00fcckseite ausf\u00fcllen und uns per E-Mail zusenden oder es zusammen mit Ihrer Zahlung in der Pr\u00fcfungsabteilung abgeben. Sie m\u00fcssen sich an die Anmeldezeiten halten, die in unserem <a href=\"https:\/\/institutdetouraine.com\/wp-content\/uploads\/2026\/01\/CALENDRIER-DELF-DALF-2026.pdf\">DELF-DALF Kalender 2026<\/a> angegeben sind. <\/p>\t\t\t\t\t\t\t\t<\/div>\n\t\t\t\t<\/div>\n\t\t\t\t<div class=\"elementor-element elementor-element-2e544dc elementor-widget elementor-widget-n-accordion\" data-id=\"2e544dc\" data-element_type=\"widget\" data-settings=\"{&quot;default_state&quot;:&quot;all_collapsed&quot;,&quot;max_items_expended&quot;:&quot;one&quot;,&quot;n_accordion_animation_duration&quot;:{&quot;unit&quot;:&quot;ms&quot;,&quot;size&quot;:400,&quot;sizes&quot;:[]}}\" data-widget_type=\"nested-accordion.default\">\n\t\t\t\t<div class=\"elementor-widget-container\">\n\t\t\t\t\t\t\t<div class=\"e-n-accordion\" aria-label=\"Accordion. Open links with Enter or Space, close with Escape, and navigate with Arrow Keys\">\n\t\t\t\t\t\t<details id=\"e-n-accordion-item-4850\" class=\"e-n-accordion-item\" >\n\t\t\t\t<summary class=\"e-n-accordion-item-title\" data-accordion-index=\"1\" tabindex=\"0\" aria-expanded=\"false\" aria-controls=\"e-n-accordion-item-4850\" >\n\t\t\t\t\t<span class='e-n-accordion-item-title-header'><div class=\"e-n-accordion-item-title-text\"> Welche Dokumente m\u00fcssen f\u00fcr die DELF-Anmeldung eingereicht werden? <\/div><\/span>\n\t\t\t\t\t\t\t<span class='e-n-accordion-item-title-icon'>\n\t\t\t<span class='e-opened' ><svg aria-hidden=\"true\" class=\"e-font-icon-svg e-fas-minus\" viewBox=\"0 0 448 512\" xmlns=\"http:\/\/www.w3.org\/2000\/svg\"><path d=\"M416 208H32c-17.67 0-32 14.33-32 32v32c0 17.67 14.33 32 32 32h384c17.67 0 32-14.33 32-32v-32c0-17.67-14.33-32-32-32z\"><\/path><\/svg><\/span>\n\t\t\t<span class='e-closed'><svg aria-hidden=\"true\" class=\"e-font-icon-svg e-fas-plus\" viewBox=\"0 0 448 512\" xmlns=\"http:\/\/www.w3.org\/2000\/svg\"><path d=\"M416 208H272V64c0-17.67-14.33-32-32-32h-32c-17.67 0-32 14.33-32 32v144H32c-17.67 0-32 14.33-32 32v32c0 17.67 14.33 32 32 32h144v144c0 17.67 14.33 32 32 32h32c17.67 0 32-14.33 32-32V304h144c17.67 0 32-14.33 32-32v-32c0-17.67-14.33-32-32-32z\"><\/path><\/svg><\/span>\n\t\t<\/span>\n\n\t\t\t\t\t\t<\/summary>\n\t\t\t\t<div role=\"region\" aria-labelledby=\"e-n-accordion-item-4850\" class=\"elementor-element elementor-element-19c17ae e-con-full e-flex e-con e-child\" data-id=\"19c17ae\" data-element_type=\"container\">\n\t\t\t\t<div class=\"elementor-element elementor-element-f19caa1 elementor-widget elementor-widget-text-editor\" data-id=\"f19caa1\" data-element_type=\"widget\" data-widget_type=\"text-editor.default\">\n\t\t\t\t<div class=\"elementor-widget-container\">\n\t\t\t\t\t\t\t\t\t<ul><li style=\"list-style-type: none;\"><ul><li>Vollst\u00e4ndig ausgef\u00fclltes Anmeldeformular<\/li><li>Kopie des Personalausweises, der bei der Pr\u00fcfung vorgelegt wird.<\/li><li>Kopie der Bescheinigung \u00fcber das Bestehen der Pr\u00fcfung oder der Anmeldung oder der Einladung zur Pr\u00fcfung von<\/li><li>DELF oder DALF (auch wenn Sie nicht bestanden haben), wenn Sie sich bereits fr\u00fcher angemeldet haben, da Sie Ihre Kandidatennummer angeben m\u00fcssen, die dieselbe bleibt.<\/li><\/ul><\/li><\/ul>\t\t\t\t\t\t\t\t<\/div>\n\t\t\t\t<\/div>\n\t\t\t\t<\/div>\n\t\t\t\t\t<\/details>\n\t\t\t\t\t\t<details id=\"e-n-accordion-item-4851\" class=\"e-n-accordion-item\" >\n\t\t\t\t<summary class=\"e-n-accordion-item-title\" data-accordion-index=\"2\" tabindex=\"-1\" aria-expanded=\"false\" aria-controls=\"e-n-accordion-item-4851\" >\n\t\t\t\t\t<span class='e-n-accordion-item-title-header'><div class=\"e-n-accordion-item-title-text\"> Wie wird das DELF bezahlt? <\/div><\/span>\n\t\t\t\t\t\t\t<span class='e-n-accordion-item-title-icon'>\n\t\t\t<span class='e-opened' ><svg aria-hidden=\"true\" class=\"e-font-icon-svg e-fas-minus\" viewBox=\"0 0 448 512\" xmlns=\"http:\/\/www.w3.org\/2000\/svg\"><path d=\"M416 208H32c-17.67 0-32 14.33-32 32v32c0 17.67 14.33 32 32 32h384c17.67 0 32-14.33 32-32v-32c0-17.67-14.33-32-32-32z\"><\/path><\/svg><\/span>\n\t\t\t<span class='e-closed'><svg aria-hidden=\"true\" class=\"e-font-icon-svg e-fas-plus\" viewBox=\"0 0 448 512\" xmlns=\"http:\/\/www.w3.org\/2000\/svg\"><path d=\"M416 208H272V64c0-17.67-14.33-32-32-32h-32c-17.67 0-32 14.33-32 32v144H32c-17.67 0-32 14.33-32 32v32c0 17.67 14.33 32 32 32h144v144c0 17.67 14.33 32 32 32h32c17.67 0 32-14.33 32-32V304h144c17.67 0 32-14.33 32-32v-32c0-17.67-14.33-32-32-32z\"><\/path><\/svg><\/span>\n\t\t<\/span>\n\n\t\t\t\t\t\t<\/summary>\n\t\t\t\t<div role=\"region\" aria-labelledby=\"e-n-accordion-item-4851\" class=\"elementor-element elementor-element-2d3b595 e-con-full e-flex e-con e-child\" data-id=\"2d3b595\" data-element_type=\"container\">\n\t\t\t\t<div class=\"elementor-element elementor-element-c78b36b elementor-widget elementor-widget-text-editor\" data-id=\"c78b36b\" data-element_type=\"widget\" data-widget_type=\"text-editor.default\">\n\t\t\t\t<div class=\"elementor-widget-container\">\n\t\t\t\t\t\t\t\t\t<p>Ihre Anmeldung wird erst nach Eingang Ihrer Zahlung g\u00fcltig, die innerhalb des Anmeldezeitraums erfolgen muss. Sie k\u00f6nnen entweder per Kreditkarte oder per Bank\u00fcberweisung bezahlen. <\/p><p>Jede Anmeldung muss mit der Zahlung der Anmeldegeb\u00fchr einhergehen. BEI UNVOLLST\u00c4NDIGEN UNTERLAGEN WIRD DIE ANMELDUNG NICHT REGISTRIERT. <\/p><p>Die Anmeldegeb\u00fchr wird aus keinem Grund zur\u00fcckerstattet.<\/p>\t\t\t\t\t\t\t\t<\/div>\n\t\t\t\t<\/div>\n\t\t\t\t<\/div>\n\t\t\t\t\t<\/details>\n\t\t\t\t\t<\/div>\n\t\t\t\t\t\t<\/div>\n\t\t\t\t<\/div>\n\t\t\t\t<\/div>\n\t\t<div class=\"elementor-element elementor-element-3f00b95 e-con-full e-flex e-con e-child\" data-id=\"3f00b95\" data-element_type=\"container\" data-settings=\"{&quot;background_background&quot;:&quot;classic&quot;}\">\n\t\t\t\t<div class=\"elementor-element elementor-element-0388227 elementor-widget elementor-widget-spacer\" data-id=\"0388227\" data-element_type=\"widget\" data-widget_type=\"spacer.default\">\n\t\t\t\t<div class=\"elementor-widget-container\">\n\t\t\t\t\t\t\t<div class=\"elementor-spacer\">\n\t\t\t<div class=\"elementor-spacer-inner\"><\/div>\n\t\t<\/div>\n\t\t\t\t\t\t<\/div>\n\t\t\t\t<\/div>\n\t\t\t\t<\/div>\n\t\t\t\t<\/div>\n\t\t<div class=\"elementor-element elementor-element-a0302c2 e-flex e-con-boxed e-con e-parent\" data-id=\"a0302c2\" data-element_type=\"container\">\n\t\t\t\t\t<div class=\"e-con-inner\">\n\t\t\t\t<div class=\"elementor-element elementor-element-645d490 elementor-widget elementor-widget-spacer\" data-id=\"645d490\" data-element_type=\"widget\" data-widget_type=\"spacer.default\">\n\t\t\t\t<div class=\"elementor-widget-container\">\n\t\t\t\t\t\t\t<div class=\"elementor-spacer\">\n\t\t\t<div class=\"elementor-spacer-inner\"><\/div>\n\t\t<\/div>\n\t\t\t\t\t\t<\/div>\n\t\t\t\t<\/div>\n\t\t\t\t\t<\/div>\n\t\t\t\t<\/div>\n\t\t<div class=\"elementor-element elementor-element-e0e5eb9 e-flex e-con-boxed e-con e-parent\" data-id=\"e0e5eb9\" data-element_type=\"container\" data-settings=\"{&quot;background_background&quot;:&quot;classic&quot;}\">\n\t\t\t\t\t<div class=\"e-con-inner\">\n\t\t\t\t<div class=\"elementor-element elementor-element-a523326 elementor-widget elementor-widget-text-editor\" data-id=\"a523326\" data-element_type=\"widget\" data-widget_type=\"text-editor.default\">\n\t\t\t\t<div class=\"elementor-widget-container\">\n\t\t\t\t\t\t\t\t\t<h2>Einladung und Ergebnisse der DELF-Pr\u00fcfung  <\/h2><p>Eine pers\u00f6nliche Einladung wird Ihnen einige Tage vor der Pr\u00fcfung per E-Mail zugesandt. Es ist sehr wichtig, dass Sie auf Ihrem Anmeldeformular eine g\u00fcltige und gut lesbare E-Mail-Adresse angeben. <\/p><p>Sie m\u00fcssen die Angaben zu Ihrem Familienstand (Name, Vorname, Staatsangeh\u00f6rigkeit, Geburtsdatum, Geburtsort) \u00fcberpr\u00fcfen und etwaige Fehler der f\u00fcr die Einschreibung zust\u00e4ndigen Abteilung melden, damit die \u00c4nderung vorgenommen werden kann. F\u00fcr \u00c4nderungen nach dem Datum der Pr\u00fcfungen wird eine Geb\u00fchr von 7 \u20ac erhoben. <\/p><p>Sie melden sich zur Pr\u00fcfung an mit :<\/p><ul><li style=\"list-style-type: none;\"><ul><li>die Einladung auf Papier oder auf Ihrem Telefon<\/li><li>Ihren amtlichen Ausweis nur in Papierform und nicht in digitaler Form.<\/li><li>Kugelschreiber schwarz\/blau<\/li><\/ul><\/li><\/ul>\t\t\t\t\t\t\t\t<\/div>\n\t\t\t\t<\/div>\n\t\t\t\t<div class=\"elementor-element elementor-element-49890d6 e-n-tabs-none elementor-widget elementor-widget-n-tabs\" data-id=\"49890d6\" data-element_type=\"widget\" data-settings=\"{&quot;tabs_justify_horizontal&quot;:&quot;stretch&quot;,&quot;horizontal_scroll&quot;:&quot;disable&quot;}\" data-widget_type=\"nested-tabs.default\">\n\t\t\t\t<div class=\"elementor-widget-container\">\n\t\t\t\t\t\t\t<div class=\"e-n-tabs\" data-widget-number=\"77107414\" aria-label=\"Tabs. Open items with Enter or Space, close with Escape and navigate using the Arrow keys.\">\n\t\t\t<div class=\"e-n-tabs-heading\" role=\"tablist\">\n\t\t\t\t\t<button id=\"e-n-tab-title-771074141\" class=\"e-n-tab-title\" aria-selected=\"true\" data-tab-index=\"1\" role=\"tab\" tabindex=\"0\" aria-controls=\"e-n-tab-content-771074141\" style=\"--n-tabs-title-order: 1;\">\n\t\t\t\t\t\t<span class=\"e-n-tab-title-text\">\n\t\t\t\tErgebnisse\t\t\t<\/span>\n\t\t<\/button>\n\t\t\t\t<button id=\"e-n-tab-title-771074142\" class=\"e-n-tab-title\" aria-selected=\"false\" data-tab-index=\"2\" role=\"tab\" tabindex=\"-1\" aria-controls=\"e-n-tab-content-771074142\" style=\"--n-tabs-title-order: 2;\">\n\t\t\t\t\t\t<span class=\"e-n-tab-title-text\">\n\t\t\t\tBescheinigung \u00fcber den Erfolg\t\t\t<\/span>\n\t\t<\/button>\n\t\t\t\t<button id=\"e-n-tab-title-771074143\" class=\"e-n-tab-title\" aria-selected=\"false\" data-tab-index=\"3\" role=\"tab\" tabindex=\"-1\" aria-controls=\"e-n-tab-content-771074143\" style=\"--n-tabs-title-order: 3;\">\n\t\t\t\t\t\t<span class=\"e-n-tab-title-text\">\n\t\t\t\tDiplom\t\t\t<\/span>\n\t\t<\/button>\n\t\t\t\t\t<\/div>\n\t\t\t<div class=\"e-n-tabs-content\">\n\t\t\t\t<div id=\"e-n-tab-content-771074141\" role=\"tabpanel\" aria-labelledby=\"e-n-tab-title-771074141\" data-tab-index=\"1\" style=\"--n-tabs-title-order: 1;\" class=\"e-active elementor-element elementor-element-52abbd5 e-con-full e-flex e-con e-child\" data-id=\"52abbd5\" data-element_type=\"container\">\n\t\t<div class=\"elementor-element elementor-element-5cff86e e-flex e-con-boxed e-con e-child\" data-id=\"5cff86e\" data-element_type=\"container\">\n\t\t\t\t\t<div class=\"e-con-inner\">\n\t\t\t\t<div class=\"elementor-element elementor-element-91f6657 elementor-widget elementor-widget-text-editor\" data-id=\"91f6657\" data-element_type=\"widget\" data-widget_type=\"text-editor.default\">\n\t\t\t\t<div class=\"elementor-widget-container\">\n\t\t\t\t\t\t\t\t\t<p>Die <strong>Ergebnisse der DELF-Pr\u00fcfung<\/strong> sind innerhalb von 8 bis 10 Werktagen verf\u00fcgbar. Sie werden per E-Mail informiert, wenn die Ergebnisse der Pr\u00fcfungen verf\u00fcgbar sind. Sie k\u00f6nnen Ihr Ergebnisblatt vor Ort abholen oder sich per Post zusenden lassen.  <\/p><p>Wenn Sie Einsicht in Ihre Pr\u00fcfungsarbeiten nehmen m\u00f6chten, m\u00fcssen Sie innerhalb weniger Tage nach der Pr\u00fcfung einen formellen Antrag an den Vorsitzenden des Pr\u00fcfungsausschusses stellen, indem Sie eine E-Mail an die Pr\u00fcfungsabteilung schicken. Es handelt sich nur um eine Beratung. Die Noten k\u00f6nnen nicht ge\u00e4ndert werden.  <\/p>\t\t\t\t\t\t\t\t<\/div>\n\t\t\t\t<\/div>\n\t\t\t\t\t<\/div>\n\t\t\t\t<\/div>\n\t\t\t\t<\/div>\n\t\t<div id=\"e-n-tab-content-771074142\" role=\"tabpanel\" aria-labelledby=\"e-n-tab-title-771074142\" data-tab-index=\"2\" style=\"--n-tabs-title-order: 2;\" class=\" elementor-element elementor-element-f9d3d05 e-con-full e-flex e-con e-child\" data-id=\"f9d3d05\" data-element_type=\"container\">\n\t\t<div class=\"elementor-element elementor-element-0580574 e-flex e-con-boxed e-con e-child\" data-id=\"0580574\" data-element_type=\"container\">\n\t\t\t\t\t<div class=\"e-con-inner\">\n\t\t\t\t<div class=\"elementor-element elementor-element-28bb5dc elementor-widget elementor-widget-text-editor\" data-id=\"28bb5dc\" data-element_type=\"widget\" data-widget_type=\"text-editor.default\">\n\t\t\t\t<div class=\"elementor-widget-container\">\n\t\t\t\t\t\t\t\t\t<p>Sie k\u00f6nnen Ihre Bescheinigung vor Ort abholen oder sich per Post zusenden lassen. Die Bescheinigung hat denselben Beweiswert wie ein sp\u00e4ter ausgestelltes Diplom. Bewahren Sie das Original der Bescheinigung gut auf. Gem\u00e4\u00df der franz\u00f6sischen Gesetzgebung werden keine Duplikate ausgestellt.   <\/p>\t\t\t\t\t\t\t\t<\/div>\n\t\t\t\t<\/div>\n\t\t\t\t\t<\/div>\n\t\t\t\t<\/div>\n\t\t\t\t<\/div>\n\t\t<div id=\"e-n-tab-content-771074143\" role=\"tabpanel\" aria-labelledby=\"e-n-tab-title-771074143\" data-tab-index=\"3\" style=\"--n-tabs-title-order: 3;\" class=\" elementor-element elementor-element-d66f85b e-con-full e-flex e-con e-child\" data-id=\"d66f85b\" data-element_type=\"container\">\n\t\t<div class=\"elementor-element elementor-element-6e1c1cc e-flex e-con-boxed e-con e-child\" data-id=\"6e1c1cc\" data-element_type=\"container\">\n\t\t\t\t\t<div class=\"e-con-inner\">\n\t\t\t\t<div class=\"elementor-element elementor-element-8814e9d elementor-widget elementor-widget-text-editor\" data-id=\"8814e9d\" data-element_type=\"widget\" data-widget_type=\"text-editor.default\">\n\t\t\t\t<div class=\"elementor-widget-container\">\n\t\t\t\t\t\t\t\t\t<p>F.E.I. und das Rektorat stellen die Diplome aus und senden sie innerhalb von 6 Monaten an das Pr\u00fcfungszentrum. Sie erhalten eine E-Mail, die Sie \u00fcber die Bereitstellung des Diploms informiert. Sie k\u00f6nnen Ihr Diplom vor Ort abholen oder es sich per Post zusenden lassen.  <\/p><p>Der Versand per Post erfolgt per Einschreiben. Sie m\u00fcssen uns die genaue Adresse mitteilen, an die der Brief geschickt werden soll. Wenn Sie das Diplom nicht erhalten und es an das Institut de Touraine zur\u00fcckschicken, wird die R\u00fccksendung mit 15 \u20ac berechnet.  <\/p><p>Bescheinigungen und Diplome k\u00f6nnen nicht per E-Mail versandt werden. Sie k\u00f6nnen jemanden bevollm\u00e4chtigen, Ihr Zeugnis oder Diplom abzuholen, indem Sie eine Vollmacht ausstellen, die die Person zusammen mit einer Kopie Ihres Personalausweises und ihres eigenen Personalausweises vorlegen muss. Sie k\u00f6nnen das ausgef\u00fcllte Dokument bei der Abteilung Pr\u00fcfungen per E-Mail anfordern.  <\/p><p>Bewahren Sie das Original jedes Dokuments gut auf.<\/p>\t\t\t\t\t\t\t\t<\/div>\n\t\t\t\t<\/div>\n\t\t\t\t\t<\/div>\n\t\t\t\t<\/div>\n\t\t\t\t<\/div>\n\t\t\t\t\t<\/div>\n\t\t<\/div>\n\t\t\t\t\t\t<\/div>\n\t\t\t\t<\/div>\n\t\t\t\t\t<\/div>\n\t\t\t\t<\/div>\n\t\t<div class=\"elementor-element elementor-element-6c32ee0 e-con-full e-flex e-con e-parent\" data-id=\"6c32ee0\" data-element_type=\"container\">\n\t\t<div class=\"elementor-element elementor-element-206c9e3 e-con-full e-flex e-con e-child\" data-id=\"206c9e3\" data-element_type=\"container\">\n\t\t\t\t<div class=\"elementor-element elementor-element-62fa474 elementor-widget elementor-widget-text-editor\" data-id=\"62fa474\" data-element_type=\"widget\" data-widget_type=\"text-editor.default\">\n\t\t\t\t<div class=\"elementor-widget-container\">\n\t\t\t\t\t\t\t\t\t<h2>Das DELF erfolgreich ablegen mit dem Institut de Touraine <\/h2>\t\t\t\t\t\t\t\t<\/div>\n\t\t\t\t<\/div>\n\t\t\t\t<div class=\"elementor-element elementor-element-d51fde7 elementor-widget elementor-widget-image\" data-id=\"d51fde7\" data-element_type=\"widget\" data-widget_type=\"image.default\">\n\t\t\t\t<div class=\"elementor-widget-container\">\n\t\t\t\t\t\t\t\t\t\t\t\t\t\t\t<img fetchpriority=\"high\" decoding=\"async\" width=\"301\" height=\"429\" src=\"https:\/\/institutdetouraine.com\/wp-content\/uploads\/2025\/07\/logo-1-label_qualite-FLE-copy-e1752004263873.jpg\" class=\"attachment-full size-full wp-image-1703\" alt=\"\" srcset=\"https:\/\/institutdetouraine.com\/wp-content\/uploads\/2025\/07\/logo-1-label_qualite-FLE-copy-e1752004263873.jpg 301w, https:\/\/institutdetouraine.com\/wp-content\/uploads\/2025\/07\/logo-1-label_qualite-FLE-copy-e1752004263873-210x300.jpg 210w\" sizes=\"(max-width: 301px) 100vw, 301px\" \/>\t\t\t\t\t\t\t\t\t\t\t\t\t\t\t<\/div>\n\t\t\t\t<\/div>\n\t\t\t\t<\/div>\n\t\t<div class=\"elementor-element elementor-element-6bd8604 e-con-full e-flex e-con e-child\" data-id=\"6bd8604\" data-element_type=\"container\">\n\t\t\t\t<div class=\"elementor-element elementor-element-233666f elementor-position-top elementor-widget elementor-widget-image-box\" data-id=\"233666f\" data-element_type=\"widget\" data-widget_type=\"image-box.default\">\n\t\t\t\t<div class=\"elementor-widget-container\">\n\t\t\t\t\t<div class=\"elementor-image-box-wrapper\"><figure class=\"elementor-image-box-img\"><img decoding=\"async\" width=\"150\" height=\"150\" src=\"https:\/\/institutdetouraine.com\/wp-content\/uploads\/2025\/07\/cours-francais-classe-etudiant-150x150.jpg\" class=\"attachment-thumbnail size-thumbnail wp-image-1737\" alt=\"\" srcset=\"https:\/\/institutdetouraine.com\/wp-content\/uploads\/2025\/07\/cours-francais-classe-etudiant-150x150.jpg 150w, https:\/\/institutdetouraine.com\/wp-content\/uploads\/2025\/07\/cours-francais-classe-etudiant-300x300.jpg 300w, https:\/\/institutdetouraine.com\/wp-content\/uploads\/2025\/07\/cours-francais-classe-etudiant-1024x1024.jpg 1024w, https:\/\/institutdetouraine.com\/wp-content\/uploads\/2025\/07\/cours-francais-classe-etudiant-768x768.jpg 768w, https:\/\/institutdetouraine.com\/wp-content\/uploads\/2025\/07\/cours-francais-classe-etudiant.jpg 1500w\" sizes=\"(max-width: 150px) 100vw, 150px\" \/><\/figure><div class=\"elementor-image-box-content\"><h4 class=\"elementor-image-box-title\">Qualitativ hochwertiger Unterricht<\/h4><p class=\"elementor-image-box-description\">durch spezialisierte Lehrkr\u00e4fte f\u00fcr Franz\u00f6sisch als Fremdsprache (FLE), DELF- und DALF-Pr\u00fcfer und -Korrektoren, die von France \u00c9ducation Internationale akkreditiert sind<\/p><\/div><\/div>\t\t\t\t<\/div>\n\t\t\t\t<\/div>\n\t\t\t\t<\/div>\n\t\t<div class=\"elementor-element elementor-element-7d185c6 e-con-full e-flex e-con e-child\" data-id=\"7d185c6\" data-element_type=\"container\">\n\t\t\t\t<div class=\"elementor-element elementor-element-578531c elementor-position-top elementor-widget elementor-widget-image-box\" data-id=\"578531c\" data-element_type=\"widget\" data-widget_type=\"image-box.default\">\n\t\t\t\t<div class=\"elementor-widget-container\">\n\t\t\t\t\t<div class=\"elementor-image-box-wrapper\"><figure class=\"elementor-image-box-img\"><img decoding=\"async\" width=\"150\" height=\"150\" src=\"https:\/\/institutdetouraine.com\/wp-content\/uploads\/2025\/07\/apprendre-francais-mediatheque-150x150.jpg\" class=\"attachment-thumbnail size-thumbnail wp-image-1733\" alt=\"\" srcset=\"https:\/\/institutdetouraine.com\/wp-content\/uploads\/2025\/07\/apprendre-francais-mediatheque-150x150.jpg 150w, https:\/\/institutdetouraine.com\/wp-content\/uploads\/2025\/07\/apprendre-francais-mediatheque-300x300.jpg 300w, https:\/\/institutdetouraine.com\/wp-content\/uploads\/2025\/07\/apprendre-francais-mediatheque-1024x1024.jpg 1024w, https:\/\/institutdetouraine.com\/wp-content\/uploads\/2025\/07\/apprendre-francais-mediatheque-768x768.jpg 768w, https:\/\/institutdetouraine.com\/wp-content\/uploads\/2025\/07\/apprendre-francais-mediatheque.jpg 1500w\" sizes=\"(max-width: 150px) 100vw, 150px\" \/><\/figure><div class=\"elementor-image-box-content\"><h4 class=\"elementor-image-box-title\">Freier Zugang zur Mediathek<\/h4><p class=\"elementor-image-box-description\">mit einer gro\u00dfen Auswahl an B\u00fcchern und \u00dcbungen zur Vorbereitung auf das Diplom.<\/p><\/div><\/div>\t\t\t\t<\/div>\n\t\t\t\t<\/div>\n\t\t\t\t<\/div>\n\t\t<div class=\"elementor-element elementor-element-1e741a1 e-con-full e-flex e-con e-child\" data-id=\"1e741a1\" data-element_type=\"container\">\n\t\t\t\t<div class=\"elementor-element elementor-element-0f77108 elementor-position-top elementor-widget elementor-widget-image-box\" data-id=\"0f77108\" data-element_type=\"widget\" data-widget_type=\"image-box.default\">\n\t\t\t\t<div class=\"elementor-widget-container\">\n\t\t\t\t\t<div class=\"elementor-image-box-wrapper\"><figure class=\"elementor-image-box-img\"><img loading=\"lazy\" decoding=\"async\" width=\"150\" height=\"150\" src=\"https:\/\/institutdetouraine.com\/wp-content\/uploads\/2025\/07\/prix-rayonnement-langue-franc\u0327aise-150x150.jpg\" class=\"attachment-thumbnail size-thumbnail wp-image-1683\" alt=\"Das Institut de Touraine hat den Preis f\u00fcr die Ausstrahlung der franz\u00f6sischen Sprache erhalten\" \/><\/figure><div class=\"elementor-image-box-content\"><h4 class=\"elementor-image-box-title\">Ein anerkanntes Pr\u00fcfungszentrum<\/h4><p class=\"elementor-image-box-description\">im Institut de Touraine gelegen, das 8 DELF-Sitzungen pro Jahr anbietet (gem\u00e4\u00df nationalem Kalender)<\/p><\/div><\/div>\t\t\t\t<\/div>\n\t\t\t\t<\/div>\n\t\t\t\t<\/div>\n\t\t\t\t<\/div>\n\t\t<div class=\"elementor-element elementor-element-1887114 e-flex e-con-boxed e-con e-parent\" data-id=\"1887114\" data-element_type=\"container\" data-settings=\"{&quot;background_background&quot;:&quot;classic&quot;}\">\n\t\t\t\t\t<div class=\"e-con-inner\">\n\t\t\t\t<div class=\"elementor-element elementor-element-b10d236 elementor-widget elementor-widget-text-editor\" data-id=\"b10d236\" data-element_type=\"widget\" data-widget_type=\"text-editor.default\">\n\t\t\t\t<div class=\"elementor-widget-container\">\n\t\t\t\t\t\t\t\t\t<p>Das Institut de Touraine ist ein anerkanntes Pr\u00fcfungszentrum f\u00fcr franz\u00f6sische Sprachdiplome und -zertifikate. Studierende k\u00f6nnen dort das DELF, <a href=\"https:\/\/institutdetouraine.com\/de\/dalf-c1-und-c2-vertiefungsdiplom-fuer-die-franzoesische-sprache\/\">das DALF<\/a>, <a href=\"https:\/\/institutdetouraine.com\/de\/tef-franzoesischer-einstufungstest\/\">das TEF<\/a> und die Pr\u00fcfungen der Industrie- und Handelskammer Paris (<a href=\"https:\/\/institutdetouraine.com\/de\/dfp-diplome-fuer-berufsfranzoesisch\/\">DFP<\/a>) vorbereiten und ablegen. <\/p>\t\t\t\t\t\t\t\t<\/div>\n\t\t\t\t<\/div>\n\t\t\t\t\t<\/div>\n\t\t\t\t<\/div>\n\t\t\t\t<\/div>\n\t\t","protected":false},"excerpt":{"rendered":"<p>DELF \u2013 Diplom f\u00fcr Franz\u00f6sischstudien Das DELF A1, A2, B1 und B2 vorbereiten und ablegen Das DELF \u2013 Diplom f\u00fcr [&hellip;]<\/p>\n","protected":false},"author":2,"featured_media":0,"parent":0,"menu_order":0,"comment_status":"closed","ping_status":"closed","template":"","meta":{"_eb_attr":"","site-sidebar-layout":"no-sidebar","site-content-layout":"","ast-site-content-layout":"full-width-container","site-content-style":"default","site-sidebar-style":"default","ast-global-header-display":"","ast-banner-title-visibility":"","ast-main-header-display":"","ast-hfb-above-header-display":"","ast-hfb-below-header-display":"","ast-hfb-mobile-header-display":"","site-post-title":"disabled","ast-breadcrumbs-content":"","ast-featured-img":"disabled","footer-sml-layout":"","theme-transparent-header-meta":"","adv-header-id-meta":"","stick-header-meta":"","header-above-stick-meta":"","header-main-stick-meta":"","header-below-stick-meta":"","astra-migrate-meta-layouts":"default","ast-page-background-enabled":"default","ast-page-background-meta":{"desktop":{"background-color":"var(--ast-global-color-5)","background-image":"","background-repeat":"repeat","background-position":"center center","background-size":"auto","background-attachment":"scroll","background-type":"","background-media":"","overlay-type":"","overlay-color":"","overlay-opacity":"","overlay-gradient":""},"tablet":{"background-color":"","background-image":"","background-repeat":"repeat","background-position":"center center","background-size":"auto","background-attachment":"scroll","background-type":"","background-media":"","overlay-type":"","overlay-color":"","overlay-opacity":"","overlay-gradient":""},"mobile":{"background-color":"","background-image":"","background-repeat":"repeat","background-position":"center center","background-size":"auto","background-attachment":"scroll","background-type":"","background-media":"","overlay-type":"","overlay-color":"","overlay-opacity":"","overlay-gradient":""}},"ast-content-background-meta":{"desktop":{"background-color":"var(--ast-global-color-4)","background-image":"","background-repeat":"repeat","background-position":"center center","background-size":"auto","background-attachment":"scroll","background-type":"","background-media":"","overlay-type":"","overlay-color":"","overlay-opacity":"","overlay-gradient":""},"tablet":{"background-color":"var(--ast-global-color-4)","background-image":"","background-repeat":"repeat","background-position":"center center","background-size":"auto","background-attachment":"scroll","background-type":"","background-media":"","overlay-type":"","overlay-color":"","overlay-opacity":"","overlay-gradient":""},"mobile":{"background-color":"var(--ast-global-color-4)","background-image":"","background-repeat":"repeat","background-position":"center center","background-size":"auto","background-attachment":"scroll","background-type":"","background-media":"","overlay-type":"","overlay-color":"","overlay-opacity":"","overlay-gradient":""}},"footnotes":""},"class_list":["post-2036","page","type-page","status-publish","hentry"],"yoast_head":"<!-- This site is optimized with the Yoast SEO plugin v26.4 - https:\/\/yoast.com\/wordpress\/plugins\/seo\/ -->\n<title>DELF \u2013 Diplom f\u00fcr Franz\u00f6sischstudien Tours - Institut de Touraine<\/title>\n<meta name=\"description\" content=\"W\u00e4hlen Sie unser Institut, um Ihr DELF, das Diplom f\u00fcr Franz\u00f6sischstudien, vorzubereiten und abzulegen. Erfolgsquote von 89 % im Jahr 2024...\" \/>\n<meta name=\"robots\" content=\"index, follow, max-snippet:-1, max-image-preview:large, max-video-preview:-1\" \/>\n<link rel=\"canonical\" href=\"https:\/\/institutdetouraine.com\/de\/delf-diplom-fuer-franzoesischstudien\/\" \/>\n<meta property=\"og:locale\" content=\"de_DE\" \/>\n<meta property=\"og:type\" content=\"article\" \/>\n<meta property=\"og:title\" content=\"DELF \u2013 Diplom f\u00fcr Franz\u00f6sischstudien Tours - Institut de Touraine\" \/>\n<meta property=\"og:description\" content=\"W\u00e4hlen Sie unser Institut, um Ihr DELF, das Diplom f\u00fcr Franz\u00f6sischstudien, vorzubereiten und abzulegen. Erfolgsquote von 89 % im Jahr 2024...\" \/>\n<meta property=\"og:url\" content=\"https:\/\/institutdetouraine.com\/de\/delf-diplom-fuer-franzoesischstudien\/\" \/>\n<meta property=\"og:site_name\" content=\"Institut de Touraine\" \/>\n<meta property=\"article:publisher\" content=\"https:\/\/www.facebook.com\/institutdetouraine\" \/>\n<meta property=\"article:modified_time\" content=\"2026-04-14T07:05:31+00:00\" \/>\n<meta property=\"og:image\" content=\"https:\/\/institutdetouraine.com\/wp-content\/uploads\/2025\/07\/logo-1-label_qualite-FLE-copy-e1752004263873.jpg\" \/>\n\t<meta property=\"og:image:width\" content=\"301\" \/>\n\t<meta property=\"og:image:height\" content=\"429\" \/>\n\t<meta property=\"og:image:type\" content=\"image\/jpeg\" \/>\n<meta name=\"twitter:card\" content=\"summary_large_image\" \/>\n<meta name=\"twitter:label1\" content=\"Gesch\u00e4tzte Lesezeit\" \/>\n\t<meta name=\"twitter:data1\" content=\"12 Minuten\" \/>\n<script type=\"application\/ld+json\" class=\"yoast-schema-graph\">{\"@context\":\"https:\/\/schema.org\",\"@graph\":[{\"@type\":\"WebPage\",\"@id\":\"https:\/\/institutdetouraine.com\/de\/delf-diplom-fuer-franzoesischstudien\/\",\"url\":\"https:\/\/institutdetouraine.com\/de\/delf-diplom-fuer-franzoesischstudien\/\",\"name\":\"DELF \u2013 Diplom f\u00fcr Franz\u00f6sischstudien Tours - Institut de Touraine\",\"isPartOf\":{\"@id\":\"https:\/\/institutdetouraine.com\/de\/#website\"},\"primaryImageOfPage\":{\"@id\":\"https:\/\/institutdetouraine.com\/de\/delf-diplom-fuer-franzoesischstudien\/#primaryimage\"},\"image\":{\"@id\":\"https:\/\/institutdetouraine.com\/de\/delf-diplom-fuer-franzoesischstudien\/#primaryimage\"},\"thumbnailUrl\":\"https:\/\/institutdetouraine.com\/wp-content\/uploads\/2025\/07\/logo-1-label_qualite-FLE-copy-e1752004263873.jpg\",\"datePublished\":\"2025-07-23T12:38:00+00:00\",\"dateModified\":\"2026-04-14T07:05:31+00:00\",\"description\":\"W\u00e4hlen Sie unser Institut, um Ihr DELF, das Diplom f\u00fcr Franz\u00f6sischstudien, vorzubereiten und abzulegen. Erfolgsquote von 89 % im Jahr 2024...\",\"breadcrumb\":{\"@id\":\"https:\/\/institutdetouraine.com\/de\/delf-diplom-fuer-franzoesischstudien\/#breadcrumb\"},\"inLanguage\":\"de\",\"potentialAction\":[{\"@type\":\"ReadAction\",\"target\":[\"https:\/\/institutdetouraine.com\/de\/delf-diplom-fuer-franzoesischstudien\/\"]}]},{\"@type\":\"ImageObject\",\"inLanguage\":\"de\",\"@id\":\"https:\/\/institutdetouraine.com\/de\/delf-diplom-fuer-franzoesischstudien\/#primaryimage\",\"url\":\"https:\/\/institutdetouraine.com\/wp-content\/uploads\/2025\/07\/logo-1-label_qualite-FLE-copy-e1752004263873.jpg\",\"contentUrl\":\"https:\/\/institutdetouraine.com\/wp-content\/uploads\/2025\/07\/logo-1-label_qualite-FLE-copy-e1752004263873.jpg\"},{\"@type\":\"BreadcrumbList\",\"@id\":\"https:\/\/institutdetouraine.com\/de\/delf-diplom-fuer-franzoesischstudien\/#breadcrumb\",\"itemListElement\":[{\"@type\":\"ListItem\",\"position\":1,\"name\":\"Accueil\",\"item\":\"https:\/\/institutdetouraine.com\/de\/institut-de-touraine\/\"},{\"@type\":\"ListItem\",\"position\":2,\"name\":\"DELF \u2013 Diplom f\u00fcr Franz\u00f6sischstudien\"}]},{\"@type\":\"WebSite\",\"@id\":\"https:\/\/institutdetouraine.com\/de\/#website\",\"url\":\"https:\/\/institutdetouraine.com\/de\/\",\"name\":\"Institut de Touraine\",\"description\":\"\",\"potentialAction\":[{\"@type\":\"SearchAction\",\"target\":{\"@type\":\"EntryPoint\",\"urlTemplate\":\"https:\/\/institutdetouraine.com\/de\/?s={search_term_string}\"},\"query-input\":{\"@type\":\"PropertyValueSpecification\",\"valueRequired\":true,\"valueName\":\"search_term_string\"}}],\"inLanguage\":\"de\"}]}<\/script>\n<!-- \/ Yoast SEO plugin. -->","yoast_head_json":{"title":"DELF \u2013 Diplom f\u00fcr Franz\u00f6sischstudien Tours - Institut de Touraine","description":"W\u00e4hlen Sie unser Institut, um Ihr DELF, das Diplom f\u00fcr Franz\u00f6sischstudien, vorzubereiten und abzulegen. Erfolgsquote von 89 % im Jahr 2024...","robots":{"index":"index","follow":"follow","max-snippet":"max-snippet:-1","max-image-preview":"max-image-preview:large","max-video-preview":"max-video-preview:-1"},"canonical":"https:\/\/institutdetouraine.com\/de\/delf-diplom-fuer-franzoesischstudien\/","og_locale":"de_DE","og_type":"article","og_title":"DELF \u2013 Diplom f\u00fcr Franz\u00f6sischstudien Tours - Institut de Touraine","og_description":"W\u00e4hlen Sie unser Institut, um Ihr DELF, das Diplom f\u00fcr Franz\u00f6sischstudien, vorzubereiten und abzulegen. Erfolgsquote von 89 % im Jahr 2024...","og_url":"https:\/\/institutdetouraine.com\/de\/delf-diplom-fuer-franzoesischstudien\/","og_site_name":"Institut de Touraine","article_publisher":"https:\/\/www.facebook.com\/institutdetouraine","article_modified_time":"2026-04-14T07:05:31+00:00","og_image":[{"width":301,"height":429,"url":"https:\/\/institutdetouraine.com\/wp-content\/uploads\/2025\/07\/logo-1-label_qualite-FLE-copy-e1752004263873.jpg","type":"image\/jpeg"}],"twitter_card":"summary_large_image","twitter_misc":{"Gesch\u00e4tzte Lesezeit":"12 Minuten"},"schema":{"@context":"https:\/\/schema.org","@graph":[{"@type":"WebPage","@id":"https:\/\/institutdetouraine.com\/de\/delf-diplom-fuer-franzoesischstudien\/","url":"https:\/\/institutdetouraine.com\/de\/delf-diplom-fuer-franzoesischstudien\/","name":"DELF \u2013 Diplom f\u00fcr Franz\u00f6sischstudien Tours - Institut de Touraine","isPartOf":{"@id":"https:\/\/institutdetouraine.com\/de\/#website"},"primaryImageOfPage":{"@id":"https:\/\/institutdetouraine.com\/de\/delf-diplom-fuer-franzoesischstudien\/#primaryimage"},"image":{"@id":"https:\/\/institutdetouraine.com\/de\/delf-diplom-fuer-franzoesischstudien\/#primaryimage"},"thumbnailUrl":"https:\/\/institutdetouraine.com\/wp-content\/uploads\/2025\/07\/logo-1-label_qualite-FLE-copy-e1752004263873.jpg","datePublished":"2025-07-23T12:38:00+00:00","dateModified":"2026-04-14T07:05:31+00:00","description":"W\u00e4hlen Sie unser Institut, um Ihr DELF, das Diplom f\u00fcr Franz\u00f6sischstudien, vorzubereiten und abzulegen. Erfolgsquote von 89 % im Jahr 2024...","breadcrumb":{"@id":"https:\/\/institutdetouraine.com\/de\/delf-diplom-fuer-franzoesischstudien\/#breadcrumb"},"inLanguage":"de","potentialAction":[{"@type":"ReadAction","target":["https:\/\/institutdetouraine.com\/de\/delf-diplom-fuer-franzoesischstudien\/"]}]},{"@type":"ImageObject","inLanguage":"de","@id":"https:\/\/institutdetouraine.com\/de\/delf-diplom-fuer-franzoesischstudien\/#primaryimage","url":"https:\/\/institutdetouraine.com\/wp-content\/uploads\/2025\/07\/logo-1-label_qualite-FLE-copy-e1752004263873.jpg","contentUrl":"https:\/\/institutdetouraine.com\/wp-content\/uploads\/2025\/07\/logo-1-label_qualite-FLE-copy-e1752004263873.jpg"},{"@type":"BreadcrumbList","@id":"https:\/\/institutdetouraine.com\/de\/delf-diplom-fuer-franzoesischstudien\/#breadcrumb","itemListElement":[{"@type":"ListItem","position":1,"name":"Accueil","item":"https:\/\/institutdetouraine.com\/de\/institut-de-touraine\/"},{"@type":"ListItem","position":2,"name":"DELF \u2013 Diplom f\u00fcr Franz\u00f6sischstudien"}]},{"@type":"WebSite","@id":"https:\/\/institutdetouraine.com\/de\/#website","url":"https:\/\/institutdetouraine.com\/de\/","name":"Institut de Touraine","description":"","potentialAction":[{"@type":"SearchAction","target":{"@type":"EntryPoint","urlTemplate":"https:\/\/institutdetouraine.com\/de\/?s={search_term_string}"},"query-input":{"@type":"PropertyValueSpecification","valueRequired":true,"valueName":"search_term_string"}}],"inLanguage":"de"}]}},"_links":{"self":[{"href":"https:\/\/institutdetouraine.com\/de\/wp-json\/wp\/v2\/pages\/2036","targetHints":{"allow":["GET"]}}],"collection":[{"href":"https:\/\/institutdetouraine.com\/de\/wp-json\/wp\/v2\/pages"}],"about":[{"href":"https:\/\/institutdetouraine.com\/de\/wp-json\/wp\/v2\/types\/page"}],"author":[{"embeddable":true,"href":"https:\/\/institutdetouraine.com\/de\/wp-json\/wp\/v2\/users\/2"}],"replies":[{"embeddable":true,"href":"https:\/\/institutdetouraine.com\/de\/wp-json\/wp\/v2\/comments?post=2036"}],"version-history":[{"count":19,"href":"https:\/\/institutdetouraine.com\/de\/wp-json\/wp\/v2\/pages\/2036\/revisions"}],"predecessor-version":[{"id":4032,"href":"https:\/\/institutdetouraine.com\/de\/wp-json\/wp\/v2\/pages\/2036\/revisions\/4032"}],"wp:attachment":[{"href":"https:\/\/institutdetouraine.com\/de\/wp-json\/wp\/v2\/media?parent=2036"}],"curies":[{"name":"wp","href":"https:\/\/api.w.org\/{rel}","templated":true}]}}